{"id":1760,"date":"2022-02-03T12:42:10","date_gmt":"2022-02-03T12:42:10","guid":{"rendered":"https:\/\/blog.viscofandobrasil.com.br\/?page_id=1760"},"modified":"2022-02-23T16:08:30","modified_gmt":"2022-02-23T16:08:30","slug":"viscofan-e-telefonica-unem-forcas-para-equipar-a-primeira-fabrica-espanhola-do-setor-alimentar-a-ser-digitalizada-com-tecnologia-5g-em-caseda","status":"publish","type":"page","link":"https:\/\/blog.viscofandobrasil.com.br\/en\/viscofan-e-telefonica-unem-forcas-para-equipar-a-primeira-fabrica-espanhola-do-setor-alimentar-a-ser-digitalizada-com-tecnologia-5g-em-caseda\/","title":{"rendered":"Viscofan e Telef\u00f3nica unem for\u00e7as para equipar a primeira f\u00e1brica espanhola do setor alimentar a ser digitalizada com tecnologia 5G em C\u00e1seda"},"content":{"rendered":"<div class=\"vce-row-container\" data-vce-boxed-width=\"true\"><div class=\"vce-row vce-row--col-gap-30 vce-row-equal-height vce-row-content--top\" id=\"el-ef9a1f69\" data-vce-do-apply=\"all el-ef9a1f69\"><div class=\"vce-row-content\" data-vce-element-content=\"true\"><div class=\"vce-col vce-col--md-auto vce-col--xs-1 vce-col--xs-last vce-col--xs-first vce-col--sm-last vce-col--sm-first vce-col--md-last vce-col--lg-last vce-col--xl-last vce-col--md-first vce-col--lg-first vce-col--xl-first\" id=\"el-d5c1dd00\"><div class=\"vce-col-inner\" data-vce-do-apply=\"border margin background  el-d5c1dd00\"><div class=\"vce-col-content\" data-vce-element-content=\"true\" data-vce-do-apply=\"padding el-d5c1dd00\"><div class=\"vce-text-block\"><div class=\"vce-text-block-wrapper vce\" id=\"el-0d4d1536\" data-vce-do-apply=\"all el-0d4d1536\"><h3>&nbsp;<\/h3><h3><b>Viscofan e Telef\u00f3nica unem for\u00e7as para equipar a primeira f\u00e1brica espanhola do setor alimentar a ser digitalizada com tecnologia 5G em C\u00e1seda<\/b><\/h3><p>&nbsp;<\/p><p>A cerim\u00f3nia institucional realizou-se hoje com o lan\u00e7amento da rede de cobertura 5G resultante da parceria entre a Viscofan e a Telef\u00f3nica para equipar com cobertura 5G o centro de produ\u00e7\u00e3o da antiga em C\u00e1seda (Navarra), tornando-se assim a primeira empresa industrial espanhola do sector alimentar a usar essa tecnologia em suas f\u00e1bricas para avan\u00e7ar em seu processo de digitaliza\u00e7\u00e3o.&nbsp;Essa estrat\u00e9gia permitir\u00e1 que a Viscofan comece a desenvolver suas f\u00e1bricas \u201cinteligentes\u201d.<\/p><p>A cerim\u00f4nia de abertura realizada hoje contou com a presen\u00e7a de Mar\u00eda Chivite, Presidente do Governo de Navarra, e Juan Cruz Cigudosa, Ministro Regional da Universidade, Inova\u00e7\u00e3o e Transforma\u00e7\u00e3o Digital.&nbsp;O Grupo Viscofan foi representado por seu CEO, Jos\u00e9 Antonio Canales, o Gerente de Opera\u00e7\u00f5es do Grupo, Jes\u00fas Calavia, e o Gerente Geral da Viscofan Espanha, I\u00f1igo Mart\u00ednez.&nbsp;Manuel \u00c1ngel Alonso, Diretor Territ\u00f3rio do Norte da Telef\u00f3nica Espa\u00f1a, o Gerente de Contas Chave Manuel Herrero e Roberto Mercero, Diretor da Telef\u00f3nica Espa\u00f1a em Navarra, estiveram presentes em nome da Telef\u00f3nica.<\/p><p>Durante a primeira fase, a Telef\u00f3nica distribuir\u00e1 infraestrutura e conectividade 5G em todo o complexo industrial de C\u00e1seda para cobrir adequadamente todos os pontos.&nbsp;Eles ser\u00e3o implantados na banda de 3,5 Ghz.&nbsp;NSA.&nbsp;Da mesma forma, ser\u00e3o criados acessos seguros entre a rede local e a rede da operadora para garantir as comunica\u00e7\u00f5es.<\/p><p>A iniciativa contou tamb\u00e9m com a coopera\u00e7\u00e3o do Minist\u00e9rio da Universidade, Inova\u00e7\u00e3o e Transforma\u00e7\u00e3o Digital do Governo de Navarra, que facilitou a implementa\u00e7\u00e3o do projeto, disponibilizou os seus recursos e, h\u00e1 cinco meses, declarou o projeto de \u201cinteresse foral\u201d. \u201d devido \u00e0 sua \u201cparticular relev\u00e2ncia para o desenvolvimento econ\u00f3mico, social e territorial da Comunidade\u201d.&nbsp;Este planeamento foi inclu\u00eddo na \u00e1rea \u201cCadeia Alimentar\u201d da Estrat\u00e9gia Inteligente em Navarra.<\/p><p>Com esta pol\u00edtica de transforma\u00e7\u00e3o digital em parceria com a Telef\u00f3nica Viscofan est\u00e1 lan\u00e7ando as bases para a implementa\u00e7\u00e3o de capacidades diferenciais do 5G, incluindo maior largura de banda e capacidade de rede, lat\u00eancia m\u00ednima e mais capacidade para dispositivos conectados.&nbsp;Essas caracter\u00edsticas, juntamente com outras tecnologias, como computa\u00e7\u00e3o de borda e realidade aumentada, permitir\u00e3o que usos espec\u00edficos possam ser implementados na f\u00e1brica da Viscofan em uma segunda fase a partir do in\u00edcio de 2022.<\/p><p>Assim, os casos de uso que permitir\u00e3o \u00e0 Viscofan otimizar seus processos e avan\u00e7ar para a Ind\u00fastria 4.0 gra\u00e7as ao 5G podem incluir a automa\u00e7\u00e3o de movimentos de mercadorias, o monitoramento de elementos cr\u00edticos para antecipar poss\u00edveis incidentes durante a produ\u00e7\u00e3o e supervis\u00e3o remota por meio de Realidade Aumentada.<\/p><p>Como destacou Manuel \u00c1ngel Alonso: \u201cEste projeto faz da Viscofan uma das empresas industriais pioneiras a implementar o 5G nas suas f\u00e1bricas e a primeira na Comunidade de Navarra como base para a sua digitaliza\u00e7\u00e3o e evolu\u00e7\u00e3o futura para uma f\u00e1brica cada vez mais inteligente e flex\u00edvel.&nbsp;Agradecemos \u00e0 Viscofan por depositar sua confian\u00e7a na Telef\u00f3nica para garantir que sua planta seja um cen\u00e1rio natural para o desenvolvimento do 5G, com uma implanta\u00e7\u00e3o que a posiciona no campo da Ind\u00fastria 4.0\u201d.<\/p><p>Jes\u00fas Calavia, Gerente de Opera\u00e7\u00f5es do Grupo Viscofan, declarou: \u201cA implementa\u00e7\u00e3o do 5G em nossas instala\u00e7\u00f5es nos permitir\u00e1 avan\u00e7ar ainda mais em nosso processo de digitaliza\u00e7\u00e3o, ajudando-nos a entender melhor os desafios de produ\u00e7\u00e3o que enfrentamos e super\u00e1-los com mais rapidez e sucesso.&nbsp;A complexidade tecnol\u00f3gica do nosso processo produtivo, aliada \u00e0 nossa voca\u00e7\u00e3o de servi\u00e7o e melhoria cont\u00ednua, faz com que estejamos constantemente \u00e0 procura da mais avan\u00e7ada tecnologia dispon\u00edvel.&nbsp;Colocar as redes 5G longe dos centros urbanos \u00e9 um desafio que a Telef\u00f3nica foi pioneira em enfrentar, evitando que a ind\u00fastria perca a chance de se tornar digital\u201d.<\/p><p>A presidente Mar\u00eda Chivite indicou que o Governo de Navarra \u201cest\u00e1 plenamente consciente da import\u00e2ncia de avan\u00e7ar e progredir para alcan\u00e7ar a melhor conectividade em nossa comunidade, incorporando as mais recentes tecnologias, um caminho que estamos trabalhando em conjunto com o tecido empresarial, e promovendo sinergias e estreita colabora\u00e7\u00e3o para que o processo de digitaliza\u00e7\u00e3o e transforma\u00e7\u00e3o digital seja o mais abrangente, r\u00e1pido e acess\u00edvel poss\u00edvel\u201d, enquanto Juan Cruz Cigudosa, Ministro da Universidade, Inova\u00e7\u00e3o e Transforma\u00e7\u00e3o Digital, descreveu este projeto como \u201cde ponta\u201d enquanto sublinhando a import\u00e2ncia do efeito tractor que poder\u00e1 trazer \u00e0 ind\u00fastria e, em particular, ao sector alimentar de Navarra, uma vez que outras empresas poder\u00e3o seguir este exemplo pr\u00e1tico promovendo a sua transforma\u00e7\u00e3o e digitaliza\u00e7\u00e3o.<\/p><\/div><\/div><\/div><\/div><\/div><\/div><\/div><\/div><div class=\"vce-row-container\" data-vce-boxed-width=\"true\"><div class=\"vce-row vce-row--col-gap-30 vce-row-equal-height vce-row-content--top\" id=\"el-b171ed5c\" data-vce-do-apply=\"all el-b171ed5c\"><div class=\"vce-row-content\" data-vce-element-content=\"true\"><div class=\"vce-col vce-col--md-auto vce-col--xs-1 vce-col--xs-last vce-col--xs-first vce-col--sm-last vce-col--sm-first vce-col--md-last vce-col--lg-last vce-col--xl-last vce-col--md-first vce-col--lg-first vce-col--xl-first\" id=\"el-c73ff4c9\"><div class=\"vce-col-inner\" data-vce-do-apply=\"border margin background  el-c73ff4c9\"><div class=\"vce-col-content\" data-vce-element-content=\"true\" data-vce-do-apply=\"padding el-c73ff4c9\"><div class=\"vce-button--style-basic-container vce-button--style-basic-container--align-left\"><span class=\"vce-button--style-basic-wrapper vce\" id=\"el-bede0da5\" data-vce-do-apply=\"margin el-bede0da5\"><a class=\"vce-button vce-button--style-basic vce-button--style-basic--border-round vce-button--style-basic--size-medium vce-button--style-basic--color-b-246-114-0--fff\" href=\"https:\/\/blog.viscofandobrasil.com.br\/noticias-da-viscofan\/\" title=\"\" data-vce-do-apply=\"padding border background  el-bede0da5\">Voltar P\u00e1gina<\/a><\/span><\/div><\/div><\/div><\/div><\/div><\/div><\/div>\n","protected":false},"excerpt":{"rendered":"<p>&nbsp;Viscofan e Telef\u00f3nica unem for\u00e7as para equipar a primeira f\u00e1brica espanhola do setor alimentar a ser digitalizada com tecnologia 5G [&#8230;]<\/p>\n<p><a class=\"btn btn-primary rockcontent-read-more-link\" href=\"https:\/\/blog.viscofandobrasil.com.br\/en\/viscofan-e-telefonica-unem-forcas-para-equipar-a-primeira-fabrica-espanhola-do-setor-alimentar-a-ser-digitalizada-com-tecnologia-5g-em-caseda\/\">Read More&#8230;<\/a><\/p>\n","protected":false},"author":1,"featured_media":1761,"parent":0,"menu_order":0,"comment_status":"closed","ping_status":"closed","template":"","meta":{"footnotes":""},"class_list":["post-1760","page","type-page","status-publish","has-post-thumbnail","hentry"],"yoast_head":"<!-- This site is optimized with the Yoast SEO plugin v21.2 - https:\/\/yoast.com\/wordpress\/plugins\/seo\/ -->\n<title>Viscofan e Telef\u00f3nica unem for\u00e7as para equipar a primeira f\u00e1brica espanhola do setor alimentar a ser digitalizada com tecnologia 5G em C\u00e1seda - Blog Viscofan<\/title>\n<meta name=\"robots\" content=\"index, follow, max-snippet:-1, max-image-preview:large, max-video-preview:-1\" \/>\n<link rel=\"canonical\" href=\"https:\/\/blog.viscofandobrasil.com.br\/en\/viscofan-e-telefonica-unem-forcas-para-equipar-a-primeira-fabrica-espanhola-do-setor-alimentar-a-ser-digitalizada-com-tecnologia-5g-em-caseda\/\" \/>\n<meta property=\"og:locale\" content=\"en_US\" \/>\n<meta property=\"og:type\" content=\"article\" \/>\n<meta property=\"og:title\" content=\"Viscofan e Telef\u00f3nica unem for\u00e7as para equipar a primeira f\u00e1brica espanhola do setor alimentar a ser digitalizada com tecnologia 5G em C\u00e1seda - Blog Viscofan\" \/>\n<meta property=\"og:description\" content=\"&nbsp;Viscofan e Telef\u00f3nica unem for\u00e7as para equipar a primeira f\u00e1brica espanhola do setor alimentar a ser digitalizada com tecnologia 5G [...]Read More...\" \/>\n<meta property=\"og:url\" content=\"https:\/\/blog.viscofandobrasil.com.br\/en\/viscofan-e-telefonica-unem-forcas-para-equipar-a-primeira-fabrica-espanhola-do-setor-alimentar-a-ser-digitalizada-com-tecnologia-5g-em-caseda\/\" \/>\n<meta property=\"og:site_name\" content=\"Blog Viscofan\" \/>\n<meta property=\"article:modified_time\" content=\"2022-02-23T16:08:30+00:00\" \/>\n<meta property=\"og:image\" content=\"https:\/\/blog.viscofandobrasil.com.br\/wp-content\/uploads\/2022\/02\/Viscofan-e-Telefonica-unem-forcas-para-equipar-a-primeira-fabrica-espanhola-do-setor-alimentar-a-ser-digitalizada-com-tecnologia-5G-em-Caseda.jpeg\" \/>\n\t<meta property=\"og:image:width\" content=\"645\" \/>\n\t<meta property=\"og:image:height\" content=\"359\" \/>\n\t<meta property=\"og:image:type\" content=\"image\/jpeg\" \/>\n<meta name=\"twitter:card\" content=\"summary_large_image\" \/>\n<meta name=\"twitter:label1\" content=\"Est. reading time\" \/>\n\t<meta name=\"twitter:data1\" content=\"4 minutes\" \/>\n<script type=\"application\/ld+json\" class=\"yoast-schema-graph\">{\"@context\":\"https:\/\/schema.org\",\"@graph\":[{\"@type\":\"WebPage\",\"@id\":\"https:\/\/blog.viscofandobrasil.com.br\/en\/viscofan-e-telefonica-unem-forcas-para-equipar-a-primeira-fabrica-espanhola-do-setor-alimentar-a-ser-digitalizada-com-tecnologia-5g-em-caseda\/\",\"url\":\"https:\/\/blog.viscofandobrasil.com.br\/en\/viscofan-e-telefonica-unem-forcas-para-equipar-a-primeira-fabrica-espanhola-do-setor-alimentar-a-ser-digitalizada-com-tecnologia-5g-em-caseda\/\",\"name\":\"Viscofan e Telef\u00f3nica unem for\u00e7as para equipar a primeira f\u00e1brica espanhola do setor alimentar a ser digitalizada com tecnologia 5G em C\u00e1seda - Blog Viscofan\",\"isPartOf\":{\"@id\":\"https:\/\/blog.viscofandobrasil.com.br\/#website\"},\"datePublished\":\"2022-02-03T12:42:10+00:00\",\"dateModified\":\"2022-02-23T16:08:30+00:00\",\"breadcrumb\":{\"@id\":\"https:\/\/blog.viscofandobrasil.com.br\/en\/viscofan-e-telefonica-unem-forcas-para-equipar-a-primeira-fabrica-espanhola-do-setor-alimentar-a-ser-digitalizada-com-tecnologia-5g-em-caseda\/#breadcrumb\"},\"inLanguage\":\"en-US\",\"potentialAction\":[{\"@type\":\"ReadAction\",\"target\":[\"https:\/\/blog.viscofandobrasil.com.br\/en\/viscofan-e-telefonica-unem-forcas-para-equipar-a-primeira-fabrica-espanhola-do-setor-alimentar-a-ser-digitalizada-com-tecnologia-5g-em-caseda\/\"]}]},{\"@type\":\"BreadcrumbList\",\"@id\":\"https:\/\/blog.viscofandobrasil.com.br\/en\/viscofan-e-telefonica-unem-forcas-para-equipar-a-primeira-fabrica-espanhola-do-setor-alimentar-a-ser-digitalizada-com-tecnologia-5g-em-caseda\/#breadcrumb\",\"itemListElement\":[{\"@type\":\"ListItem\",\"position\":1,\"name\":\"In\u00edcio\",\"item\":\"https:\/\/blog.viscofandobrasil.com.br\/\"},{\"@type\":\"ListItem\",\"position\":2,\"name\":\"Viscofan e Telef\u00f3nica unem for\u00e7as para equipar a primeira f\u00e1brica espanhola do setor alimentar a ser digitalizada com tecnologia 5G em C\u00e1seda\"}]},{\"@type\":\"WebSite\",\"@id\":\"https:\/\/blog.viscofandobrasil.com.br\/#website\",\"url\":\"https:\/\/blog.viscofandobrasil.com.br\/\",\"name\":\"Blog Viscofan\",\"description\":\"\",\"publisher\":{\"@id\":\"https:\/\/blog.viscofandobrasil.com.br\/#organization\"},\"potentialAction\":[{\"@type\":\"SearchAction\",\"target\":{\"@type\":\"EntryPoint\",\"urlTemplate\":\"https:\/\/blog.viscofandobrasil.com.br\/?s={search_term_string}\"},\"query-input\":\"required name=search_term_string\"}],\"inLanguage\":\"en-US\"},{\"@type\":\"Organization\",\"@id\":\"https:\/\/blog.viscofandobrasil.com.br\/#organization\",\"name\":\"Blog Viscofan\",\"url\":\"https:\/\/blog.viscofandobrasil.com.br\/\",\"logo\":{\"@type\":\"ImageObject\",\"inLanguage\":\"en-US\",\"@id\":\"https:\/\/blog.viscofandobrasil.com.br\/#\/schema\/logo\/image\/\",\"url\":\"https:\/\/blog.viscofandobrasil.com.br\/wp-content\/uploads\/2022\/03\/cropped-novo-logo-viscofan-1.jpg\",\"contentUrl\":\"https:\/\/blog.viscofandobrasil.com.br\/wp-content\/uploads\/2022\/03\/cropped-novo-logo-viscofan-1.jpg\",\"width\":1000,\"height\":250,\"caption\":\"Blog Viscofan\"},\"image\":{\"@id\":\"https:\/\/blog.viscofandobrasil.com.br\/#\/schema\/logo\/image\/\"}}]}<\/script>\n<!-- \/ Yoast SEO plugin. -->","yoast_head_json":{"title":"Viscofan e Telef\u00f3nica unem for\u00e7as para equipar a primeira f\u00e1brica espanhola do setor alimentar a ser digitalizada com tecnologia 5G em C\u00e1seda - Blog Viscofan","robots":{"index":"index","follow":"follow","max-snippet":"max-snippet:-1","max-image-preview":"max-image-preview:large","max-video-preview":"max-video-preview:-1"},"canonical":"https:\/\/blog.viscofandobrasil.com.br\/en\/viscofan-e-telefonica-unem-forcas-para-equipar-a-primeira-fabrica-espanhola-do-setor-alimentar-a-ser-digitalizada-com-tecnologia-5g-em-caseda\/","og_locale":"en_US","og_type":"article","og_title":"Viscofan e Telef\u00f3nica unem for\u00e7as para equipar a primeira f\u00e1brica espanhola do setor alimentar a ser digitalizada com tecnologia 5G em C\u00e1seda - Blog Viscofan","og_description":"&nbsp;Viscofan e Telef\u00f3nica unem for\u00e7as para equipar a primeira f\u00e1brica espanhola do setor alimentar a ser digitalizada com tecnologia 5G [...]Read More...","og_url":"https:\/\/blog.viscofandobrasil.com.br\/en\/viscofan-e-telefonica-unem-forcas-para-equipar-a-primeira-fabrica-espanhola-do-setor-alimentar-a-ser-digitalizada-com-tecnologia-5g-em-caseda\/","og_site_name":"Blog Viscofan","article_modified_time":"2022-02-23T16:08:30+00:00","og_image":[{"width":645,"height":359,"url":"https:\/\/blog.viscofandobrasil.com.br\/wp-content\/uploads\/2022\/02\/Viscofan-e-Telefonica-unem-forcas-para-equipar-a-primeira-fabrica-espanhola-do-setor-alimentar-a-ser-digitalizada-com-tecnologia-5G-em-Caseda.jpeg","type":"image\/jpeg"}],"twitter_card":"summary_large_image","twitter_misc":{"Est. reading time":"4 minutes"},"schema":{"@context":"https:\/\/schema.org","@graph":[{"@type":"WebPage","@id":"https:\/\/blog.viscofandobrasil.com.br\/en\/viscofan-e-telefonica-unem-forcas-para-equipar-a-primeira-fabrica-espanhola-do-setor-alimentar-a-ser-digitalizada-com-tecnologia-5g-em-caseda\/","url":"https:\/\/blog.viscofandobrasil.com.br\/en\/viscofan-e-telefonica-unem-forcas-para-equipar-a-primeira-fabrica-espanhola-do-setor-alimentar-a-ser-digitalizada-com-tecnologia-5g-em-caseda\/","name":"Viscofan e Telef\u00f3nica unem for\u00e7as para equipar a primeira f\u00e1brica espanhola do setor alimentar a ser digitalizada com tecnologia 5G em C\u00e1seda - Blog Viscofan","isPartOf":{"@id":"https:\/\/blog.viscofandobrasil.com.br\/#website"},"datePublished":"2022-02-03T12:42:10+00:00","dateModified":"2022-02-23T16:08:30+00:00","breadcrumb":{"@id":"https:\/\/blog.viscofandobrasil.com.br\/en\/viscofan-e-telefonica-unem-forcas-para-equipar-a-primeira-fabrica-espanhola-do-setor-alimentar-a-ser-digitalizada-com-tecnologia-5g-em-caseda\/#breadcrumb"},"inLanguage":"en-US","potentialAction":[{"@type":"ReadAction","target":["https:\/\/blog.viscofandobrasil.com.br\/en\/viscofan-e-telefonica-unem-forcas-para-equipar-a-primeira-fabrica-espanhola-do-setor-alimentar-a-ser-digitalizada-com-tecnologia-5g-em-caseda\/"]}]},{"@type":"BreadcrumbList","@id":"https:\/\/blog.viscofandobrasil.com.br\/en\/viscofan-e-telefonica-unem-forcas-para-equipar-a-primeira-fabrica-espanhola-do-setor-alimentar-a-ser-digitalizada-com-tecnologia-5g-em-caseda\/#breadcrumb","itemListElement":[{"@type":"ListItem","position":1,"name":"In\u00edcio","item":"https:\/\/blog.viscofandobrasil.com.br\/"},{"@type":"ListItem","position":2,"name":"Viscofan e Telef\u00f3nica unem for\u00e7as para equipar a primeira f\u00e1brica espanhola do setor alimentar a ser digitalizada com tecnologia 5G em C\u00e1seda"}]},{"@type":"WebSite","@id":"https:\/\/blog.viscofandobrasil.com.br\/#website","url":"https:\/\/blog.viscofandobrasil.com.br\/","name":"Blog Viscofan","description":"","publisher":{"@id":"https:\/\/blog.viscofandobrasil.com.br\/#organization"},"potentialAction":[{"@type":"SearchAction","target":{"@type":"EntryPoint","urlTemplate":"https:\/\/blog.viscofandobrasil.com.br\/?s={search_term_string}"},"query-input":"required name=search_term_string"}],"inLanguage":"en-US"},{"@type":"Organization","@id":"https:\/\/blog.viscofandobrasil.com.br\/#organization","name":"Blog Viscofan","url":"https:\/\/blog.viscofandobrasil.com.br\/","logo":{"@type":"ImageObject","inLanguage":"en-US","@id":"https:\/\/blog.viscofandobrasil.com.br\/#\/schema\/logo\/image\/","url":"https:\/\/blog.viscofandobrasil.com.br\/wp-content\/uploads\/2022\/03\/cropped-novo-logo-viscofan-1.jpg","contentUrl":"https:\/\/blog.viscofandobrasil.com.br\/wp-content\/uploads\/2022\/03\/cropped-novo-logo-viscofan-1.jpg","width":1000,"height":250,"caption":"Blog Viscofan"},"image":{"@id":"https:\/\/blog.viscofandobrasil.com.br\/#\/schema\/logo\/image\/"}}]}},"_links":{"self":[{"href":"https:\/\/blog.viscofandobrasil.com.br\/en\/wp-json\/wp\/v2\/pages\/1760","targetHints":{"allow":["GET"]}}],"collection":[{"href":"https:\/\/blog.viscofandobrasil.com.br\/en\/wp-json\/wp\/v2\/pages"}],"about":[{"href":"https:\/\/blog.viscofandobrasil.com.br\/en\/wp-json\/wp\/v2\/types\/page"}],"author":[{"embeddable":true,"href":"https:\/\/blog.viscofandobrasil.com.br\/en\/wp-json\/wp\/v2\/users\/1"}],"replies":[{"embeddable":true,"href":"https:\/\/blog.viscofandobrasil.com.br\/en\/wp-json\/wp\/v2\/comments?post=1760"}],"version-history":[{"count":5,"href":"https:\/\/blog.viscofandobrasil.com.br\/en\/wp-json\/wp\/v2\/pages\/1760\/revisions"}],"predecessor-version":[{"id":1793,"href":"https:\/\/blog.viscofandobrasil.com.br\/en\/wp-json\/wp\/v2\/pages\/1760\/revisions\/1793"}],"wp:featuredmedia":[{"embeddable":true,"href":"https:\/\/blog.viscofandobrasil.com.br\/en\/wp-json\/wp\/v2\/media\/1761"}],"wp:attachment":[{"href":"https:\/\/blog.viscofandobrasil.com.br\/en\/wp-json\/wp\/v2\/media?parent=1760"}],"curies":[{"name":"wp","href":"https:\/\/api.w.org\/{rel}","templated":true}]}}